{"id":832,"date":"2025-09-14T11:34:54","date_gmt":"2025-09-14T11:34:54","guid":{"rendered":"https:\/\/www.nyczek.pl\/?page_id=832"},"modified":"2026-08-30T16:47:49","modified_gmt":"2026-08-30T16:47:49","slug":"o-nas","status":"publish","type":"page","link":"https:\/\/www.nyczek.pl\/en\/o-nas\/","title":{"rendered":"Our Team"},"content":{"rendered":"<div data-elementor-type=\"wp-page\" data-elementor-id=\"832\" class=\"elementor elementor-832\">\n\t\t\t\t<div class=\"elementor-element elementor-element-10ac60e e-flex e-con-boxed e-con e-parent\" data-id=\"10ac60e\" data-element_type=\"container\" data-e-type=\"container\" data-settings=\"{&quot;background_background&quot;:&quot;classic&quot;}\">\n\t\t\t\t\t<div class=\"e-con-inner\">\n\t\t<div class=\"elementor-element elementor-element-a7bec28 e-con-full e-flex e-con e-child\" data-id=\"a7bec28\" data-element_type=\"container\" data-e-type=\"container\">\n\t\t\t\t<div class=\"elementor-element elementor-element-6629392 elementor-widget elementor-widget-heading\" data-id=\"6629392\" data-element_type=\"widget\" data-e-type=\"widget\" data-widget_type=\"heading.default\">\n\t\t\t\t\t<h1 class=\"elementor-heading-title elementor-size-default\">OUR TEAM AND ASSOCIATES<\/h1>\t\t\t\t<\/div>\n\t\t\t\t<\/div>\n\t\t\t\t\t<\/div>\n\t\t\t\t<\/div>\n\t\t<div class=\"elementor-element elementor-element-284207d e-flex e-con-boxed e-con e-parent\" data-id=\"284207d\" data-element_type=\"container\" data-e-type=\"container\">\n\t\t\t\t\t<div class=\"e-con-inner\">\n\t\t<div class=\"elementor-element elementor-element-b01b555 e-con-full e-flex e-con e-child\" data-id=\"b01b555\" data-element_type=\"container\" data-e-type=\"container\">\n\t\t\t\t<div class=\"elementor-element elementor-element-54bae12 elementor-widget elementor-widget-spacer\" data-id=\"54bae12\" data-element_type=\"widget\" data-e-type=\"widget\" data-widget_type=\"spacer.default\">\n\t\t\t\t\t\t\t<div class=\"elementor-spacer\">\n\t\t\t<div class=\"elementor-spacer-inner\"><\/div>\n\t\t<\/div>\n\t\t\t\t\t\t<\/div>\n\t\t\t\t<div class=\"elementor-element elementor-element-a19487a elementor-widget-divider--view-line elementor-widget elementor-widget-divider\" data-id=\"a19487a\" data-element_type=\"widget\" data-e-type=\"widget\" data-widget_type=\"divider.default\">\n\t\t\t\t\t\t\t<div class=\"elementor-divider\">\n\t\t\t<span class=\"elementor-divider-separator\">\n\t\t\t\t\t\t<\/span>\n\t\t<\/div>\n\t\t\t\t\t\t<\/div>\n\t\t\t\t<\/div>\n\t\t<div class=\"elementor-element elementor-element-3c5e0f9 e-con-full e-flex e-con e-child\" data-id=\"3c5e0f9\" data-element_type=\"container\" data-e-type=\"container\">\n\t\t\t\t<div class=\"elementor-element elementor-element-bd12130 elementor-widget elementor-widget-image\" data-id=\"bd12130\" data-element_type=\"widget\" data-e-type=\"widget\" data-widget_type=\"image.default\">\n\t\t\t\t\t\t\t\t\t\t\t\t\t\t\t<img fetchpriority=\"high\" decoding=\"async\" width=\"683\" height=\"1024\" src=\"https:\/\/www.nyczek.pl\/wp-content\/uploads\/2025\/09\/DSC8982-683x1024.jpg\" class=\"attachment-large size-large wp-image-1830\" alt=\"Bartosz Nyczek \u2013 radca prawny, profesjonalny portret w garniturze na bia\u0142ym tle\" srcset=\"https:\/\/www.nyczek.pl\/wp-content\/uploads\/2025\/09\/DSC8982-683x1024.jpg 683w, https:\/\/www.nyczek.pl\/wp-content\/uploads\/2025\/09\/DSC8982-200x300.jpg 200w, https:\/\/www.nyczek.pl\/wp-content\/uploads\/2025\/09\/DSC8982-768x1152.jpg 768w, https:\/\/www.nyczek.pl\/wp-content\/uploads\/2025\/09\/DSC8982-1024x1536.jpg 1024w, https:\/\/www.nyczek.pl\/wp-content\/uploads\/2025\/09\/DSC8982-1365x2048.jpg 1365w, https:\/\/www.nyczek.pl\/wp-content\/uploads\/2025\/09\/DSC8982-scaled.jpg 1707w\" sizes=\"(max-width: 683px) 100vw, 683px\" \/>\t\t\t\t\t\t\t\t\t\t\t\t\t\t\t<\/div>\n\t\t\t\t<\/div>\n\t\t<div class=\"elementor-element elementor-element-bae9da8 e-con-full e-flex e-con e-child\" data-id=\"bae9da8\" data-element_type=\"container\" data-e-type=\"container\">\n\t\t\t\t<div class=\"elementor-element elementor-element-4e5fac5 elementor-widget elementor-widget-heading\" data-id=\"4e5fac5\" data-element_type=\"widget\" data-e-type=\"widget\" data-widget_type=\"heading.default\">\n\t\t\t\t\t<h2 class=\"elementor-heading-title elementor-size-default\">Bartosz Nyczek \u2013 Attorney-at-Law <\/h2>\t\t\t\t<\/div>\n\t\t\t\t<div class=\"elementor-element elementor-element-1ef574f elementor-widget elementor-widget-text-editor\" data-id=\"1ef574f\" data-element_type=\"widget\" data-e-type=\"widget\" data-widget_type=\"text-editor.default\">\n\t\t\t\t\t\t\t\t\t<p class=\"has-text-align-left\">A graduate of the Faculty of Law and Administration at Jagiellonian University. He has practised as an attorney-at-law since 2000 and celebrated 25 years in the profession in January 2025.<\/p><p class=\"has-text-align-left\">He specialises in commercial and civil law, with particular expertise in company law and copyright law. His practice focuses primarily on advising businesses, while he also provides effective legal support to individuals in civil matters. An experienced litigator, he has represented clients for many years in commercial and civil proceedings, as well as before administrative courts.<\/p><p class=\"has-text-align-left\">In his work as a lawyer, and particularly as a professional legal representative, he considers not only legal expertise but also accuracy, discretion, mutual trust and strong client relationships to be essential. This approach has resulted in long-standing relationships with clients, in some cases lasting for more than twenty years.<\/p><p>Szcz\u0119\u015bliwy, kiedy w zespole ma osoby kompetentne, mi\u0142e i samodzielne. I taki w\u0142a\u015bnie jest Zesp\u00f3\u0142 Kancelarii.<\/p>\t\t\t\t\t\t\t\t<\/div>\n\t\t\t\t<div class=\"elementor-element elementor-element-7906ef0 elementor-widget elementor-widget-heading\" data-id=\"7906ef0\" data-element_type=\"widget\" data-e-type=\"widget\" data-widget_type=\"heading.default\">\n\t\t\t\t\t<h4 class=\"elementor-heading-title elementor-size-default\">tel. +48 606 945 867<\/h4>\t\t\t\t<\/div>\n\t\t\t\t<div class=\"elementor-element elementor-element-8a44681 elementor-widget elementor-widget-heading\" data-id=\"8a44681\" data-element_type=\"widget\" data-e-type=\"widget\" data-widget_type=\"heading.default\">\n\t\t\t\t\t<h4 class=\"elementor-heading-title elementor-size-default\">e-mail: kancelaria@nyczek.pl<\/h4>\t\t\t\t<\/div>\n\t\t\t\t<\/div>\n\t\t\t\t\t<\/div>\n\t\t\t\t<\/div>\n\t\t<div class=\"elementor-element elementor-element-32fe97d e-flex e-con-boxed e-con e-parent\" data-id=\"32fe97d\" data-element_type=\"container\" data-e-type=\"container\">\n\t\t\t\t\t<div class=\"e-con-inner\">\n\t\t<div class=\"elementor-element elementor-element-ae7b4c4 e-con-full e-flex e-con e-child\" data-id=\"ae7b4c4\" data-element_type=\"container\" data-e-type=\"container\">\n\t\t\t\t<div class=\"elementor-element elementor-element-d5ca8f6 elementor-widget elementor-widget-spacer\" data-id=\"d5ca8f6\" data-element_type=\"widget\" data-e-type=\"widget\" data-widget_type=\"spacer.default\">\n\t\t\t\t\t\t\t<div class=\"elementor-spacer\">\n\t\t\t<div class=\"elementor-spacer-inner\"><\/div>\n\t\t<\/div>\n\t\t\t\t\t\t<\/div>\n\t\t\t\t<div class=\"elementor-element elementor-element-88696c6 elementor-widget-divider--view-line elementor-widget elementor-widget-divider\" data-id=\"88696c6\" data-element_type=\"widget\" data-e-type=\"widget\" data-widget_type=\"divider.default\">\n\t\t\t\t\t\t\t<div class=\"elementor-divider\">\n\t\t\t<span class=\"elementor-divider-separator\">\n\t\t\t\t\t\t<\/span>\n\t\t<\/div>\n\t\t\t\t\t\t<\/div>\n\t\t\t\t<\/div>\n\t\t<div class=\"elementor-element elementor-element-b9a5fbe e-con-full e-flex e-con e-child\" data-id=\"b9a5fbe\" data-element_type=\"container\" data-e-type=\"container\">\n\t\t\t\t<div class=\"elementor-element elementor-element-84dbefe elementor-widget elementor-widget-image\" data-id=\"84dbefe\" data-element_type=\"widget\" data-e-type=\"widget\" data-widget_type=\"image.default\">\n\t\t\t\t\t\t\t\t\t\t\t\t\t\t\t<img decoding=\"async\" width=\"683\" height=\"1024\" src=\"https:\/\/www.nyczek.pl\/wp-content\/uploads\/2025\/09\/DSC9080-683x1024.jpg\" class=\"attachment-large size-large wp-image-1832\" alt=\"Weronika Paw\u0142owska \u2013 aplikantka radcowska, portret zawodowy w jasnej marynarce na bia\u0142ym tle\" srcset=\"https:\/\/www.nyczek.pl\/wp-content\/uploads\/2025\/09\/DSC9080-683x1024.jpg 683w, https:\/\/www.nyczek.pl\/wp-content\/uploads\/2025\/09\/DSC9080-200x300.jpg 200w, https:\/\/www.nyczek.pl\/wp-content\/uploads\/2025\/09\/DSC9080-768x1152.jpg 768w, https:\/\/www.nyczek.pl\/wp-content\/uploads\/2025\/09\/DSC9080-1024x1536.jpg 1024w, https:\/\/www.nyczek.pl\/wp-content\/uploads\/2025\/09\/DSC9080-1365x2048.jpg 1365w, https:\/\/www.nyczek.pl\/wp-content\/uploads\/2025\/09\/DSC9080-scaled.jpg 1707w\" sizes=\"(max-width: 683px) 100vw, 683px\" \/>\t\t\t\t\t\t\t\t\t\t\t\t\t\t\t<\/div>\n\t\t\t\t<\/div>\n\t\t<div class=\"elementor-element elementor-element-b7412b0 e-con-full e-flex e-con e-child\" data-id=\"b7412b0\" data-element_type=\"container\" data-e-type=\"container\">\n\t\t\t\t<div class=\"elementor-element elementor-element-e58918c elementor-widget elementor-widget-heading\" data-id=\"e58918c\" data-element_type=\"widget\" data-e-type=\"widget\" data-widget_type=\"heading.default\">\n\t\t\t\t\t<h2 class=\"elementor-heading-title elementor-size-default\">Weronika Paw\u0142owska \u2013 Trainee Attorney-at-Law <\/h2>\t\t\t\t<\/div>\n\t\t\t\t<div class=\"elementor-element elementor-element-fbf029b elementor-widget elementor-widget-text-editor\" data-id=\"fbf029b\" data-element_type=\"widget\" data-e-type=\"widget\" data-widget_type=\"text-editor.default\">\n\t\t\t\t\t\t\t\t\t<p class=\"has-text-align-left\">A graduate of the attorney-at-law training programme under the supervision of Attorney-at-Law Bartosz Nyczek. She has worked with the Firm for over four years, providing legal support to commercial companies and other legal entities, as well as to individual clients.<\/p><p>Specialisation: Commercial Law and Family Law<\/p><p>Languages: English \u2013 Advanced<\/p>\t\t\t\t\t\t\t\t<\/div>\n\t\t\t\t<div class=\"elementor-element elementor-element-aefed43 elementor-widget elementor-widget-heading\" data-id=\"aefed43\" data-element_type=\"widget\" data-e-type=\"widget\" data-widget_type=\"heading.default\">\n\t\t\t\t\t<h4 class=\"elementor-heading-title elementor-size-default\">tel. +48 502 909 870<\/h4>\t\t\t\t<\/div>\n\t\t\t\t<div class=\"elementor-element elementor-element-b968079 elementor-widget elementor-widget-heading\" data-id=\"b968079\" data-element_type=\"widget\" data-e-type=\"widget\" data-widget_type=\"heading.default\">\n\t\t\t\t\t<h4 class=\"elementor-heading-title elementor-size-default\">e-mail: w.pawlowska@nyczek.pl<\/h4>\t\t\t\t<\/div>\n\t\t\t\t<\/div>\n\t\t\t\t\t<\/div>\n\t\t\t\t<\/div>\n\t\t<div class=\"elementor-element elementor-element-439d9ec e-flex e-con-boxed e-con e-parent\" data-id=\"439d9ec\" data-element_type=\"container\" data-e-type=\"container\">\n\t\t\t\t\t<div class=\"e-con-inner\">\n\t\t<div class=\"elementor-element elementor-element-e3edd99 e-con-full e-flex e-con e-child\" data-id=\"e3edd99\" data-element_type=\"container\" data-e-type=\"container\">\n\t\t\t\t<div class=\"elementor-element elementor-element-334e589 elementor-widget elementor-widget-spacer\" data-id=\"334e589\" data-element_type=\"widget\" data-e-type=\"widget\" data-widget_type=\"spacer.default\">\n\t\t\t\t\t\t\t<div class=\"elementor-spacer\">\n\t\t\t<div class=\"elementor-spacer-inner\"><\/div>\n\t\t<\/div>\n\t\t\t\t\t\t<\/div>\n\t\t\t\t<div class=\"elementor-element elementor-element-35489f1 elementor-widget-divider--view-line elementor-widget elementor-widget-divider\" data-id=\"35489f1\" data-element_type=\"widget\" data-e-type=\"widget\" data-widget_type=\"divider.default\">\n\t\t\t\t\t\t\t<div class=\"elementor-divider\">\n\t\t\t<span class=\"elementor-divider-separator\">\n\t\t\t\t\t\t<\/span>\n\t\t<\/div>\n\t\t\t\t\t\t<\/div>\n\t\t\t\t<\/div>\n\t\t<div class=\"elementor-element elementor-element-68dbbfa e-con-full e-flex e-con e-child\" data-id=\"68dbbfa\" data-element_type=\"container\" data-e-type=\"container\">\n\t\t\t\t<div class=\"elementor-element elementor-element-ce9cb1c elementor-widget elementor-widget-image\" data-id=\"ce9cb1c\" data-element_type=\"widget\" data-e-type=\"widget\" data-widget_type=\"image.default\">\n\t\t\t\t\t\t\t\t\t\t\t\t\t\t\t<img decoding=\"async\" width=\"683\" height=\"1024\" src=\"https:\/\/www.nyczek.pl\/wp-content\/uploads\/2025\/09\/DSC9001-683x1024.jpg\" class=\"attachment-large size-large wp-image-1833\" alt=\"Anna Jak\u00f3bska \u2013 aplikantka radcowska, portret w czarnej sukience w bia\u0142e kropki na bia\u0142ym tle\" srcset=\"https:\/\/www.nyczek.pl\/wp-content\/uploads\/2025\/09\/DSC9001-683x1024.jpg 683w, https:\/\/www.nyczek.pl\/wp-content\/uploads\/2025\/09\/DSC9001-200x300.jpg 200w, https:\/\/www.nyczek.pl\/wp-content\/uploads\/2025\/09\/DSC9001-768x1152.jpg 768w, https:\/\/www.nyczek.pl\/wp-content\/uploads\/2025\/09\/DSC9001-1024x1536.jpg 1024w, https:\/\/www.nyczek.pl\/wp-content\/uploads\/2025\/09\/DSC9001-1365x2048.jpg 1365w, https:\/\/www.nyczek.pl\/wp-content\/uploads\/2025\/09\/DSC9001-scaled.jpg 1707w\" sizes=\"(max-width: 683px) 100vw, 683px\" \/>\t\t\t\t\t\t\t\t\t\t\t\t\t\t\t<\/div>\n\t\t\t\t<\/div>\n\t\t<div class=\"elementor-element elementor-element-b6dbdd2 e-con-full e-flex e-con e-child\" data-id=\"b6dbdd2\" data-element_type=\"container\" data-e-type=\"container\">\n\t\t\t\t<div class=\"elementor-element elementor-element-93d6062 elementor-widget elementor-widget-heading\" data-id=\"93d6062\" data-element_type=\"widget\" data-e-type=\"widget\" data-widget_type=\"heading.default\">\n\t\t\t\t\t<h2 class=\"elementor-heading-title elementor-size-default\">Anna Jak\u00f3bska \u2013 Trainee Attorney-at-Law <\/h2>\t\t\t\t<\/div>\n\t\t\t\t<div class=\"elementor-element elementor-element-92a038b elementor-widget elementor-widget-text-editor\" data-id=\"92a038b\" data-element_type=\"widget\" data-e-type=\"widget\" data-widget_type=\"text-editor.default\">\n\t\t\t\t\t\t\t\t\t<p>A graduate of the Institute of Law at the Krakow University of Economics. She has spoken at national academic conferences on intellectual property law and new technology law. She has a strong ability to translate theoretical knowledge into practical legal solutions. Since 1 January 2025, she has been a trainee attorney-at-law with the Krakow Bar Association of Attorneys-at-Law.<\/p><p>Specialisation: Intellectual Property and New Technology Law<\/p><p>Languages: English \u2013 Advanced, French \u2013 Advanced<\/p>\t\t\t\t\t\t\t\t<\/div>\n\t\t\t\t<div class=\"elementor-element elementor-element-1812d6f elementor-widget elementor-widget-heading\" data-id=\"1812d6f\" data-element_type=\"widget\" data-e-type=\"widget\" data-widget_type=\"heading.default\">\n\t\t\t\t\t<h4 class=\"elementor-heading-title elementor-size-default\">tel. +48 577 392 850<\/h4>\t\t\t\t<\/div>\n\t\t\t\t<div class=\"elementor-element elementor-element-9dada03 elementor-widget elementor-widget-heading\" data-id=\"9dada03\" data-element_type=\"widget\" data-e-type=\"widget\" data-widget_type=\"heading.default\">\n\t\t\t\t\t<h4 class=\"elementor-heading-title elementor-size-default\">e-mail: a.jakobska@nyczek.pl<\/h4>\t\t\t\t<\/div>\n\t\t\t\t<\/div>\n\t\t\t\t\t<\/div>\n\t\t\t\t<\/div>\n\t\t<div class=\"elementor-element elementor-element-e7a9eba e-flex e-con-boxed e-con e-parent\" data-id=\"e7a9eba\" data-element_type=\"container\" data-e-type=\"container\">\n\t\t\t\t\t<div class=\"e-con-inner\">\n\t\t<div class=\"elementor-element elementor-element-251d764 e-con-full e-flex e-con e-child\" data-id=\"251d764\" data-element_type=\"container\" data-e-type=\"container\">\n\t\t\t\t<div class=\"elementor-element elementor-element-4d61100 elementor-widget elementor-widget-spacer\" data-id=\"4d61100\" data-element_type=\"widget\" data-e-type=\"widget\" data-widget_type=\"spacer.default\">\n\t\t\t\t\t\t\t<div class=\"elementor-spacer\">\n\t\t\t<div class=\"elementor-spacer-inner\"><\/div>\n\t\t<\/div>\n\t\t\t\t\t\t<\/div>\n\t\t\t\t<div class=\"elementor-element elementor-element-c37af63 elementor-widget-divider--view-line elementor-widget elementor-widget-divider\" data-id=\"c37af63\" data-element_type=\"widget\" data-e-type=\"widget\" data-widget_type=\"divider.default\">\n\t\t\t\t\t\t\t<div class=\"elementor-divider\">\n\t\t\t<span class=\"elementor-divider-separator\">\n\t\t\t\t\t\t<\/span>\n\t\t<\/div>\n\t\t\t\t\t\t<\/div>\n\t\t\t\t<\/div>\n\t\t<div class=\"elementor-element elementor-element-4e637bc e-con-full e-flex e-con e-child\" data-id=\"4e637bc\" data-element_type=\"container\" data-e-type=\"container\">\n\t\t\t\t<div class=\"elementor-element elementor-element-a6953ba elementor-widget elementor-widget-image\" data-id=\"a6953ba\" data-element_type=\"widget\" data-e-type=\"widget\" data-widget_type=\"image.default\">\n\t\t\t\t\t\t\t\t\t\t\t\t\t\t\t<img loading=\"lazy\" decoding=\"async\" width=\"683\" height=\"1024\" src=\"https:\/\/www.nyczek.pl\/wp-content\/uploads\/2025\/09\/Ola-zdjecie-683x1024.jpg\" class=\"attachment-large size-large wp-image-1996\" alt=\"M\u0142oda kobieta o blond w\u0142osach, ubrana w czarny \u017cakiet i bia\u0142\u0105 bluzk\u0119, stoi z za\u0142o\u017conymi r\u0119kami i u\u015bmiecha si\u0119 pewnie do obiektywu.\" srcset=\"https:\/\/www.nyczek.pl\/wp-content\/uploads\/2025\/09\/Ola-zdjecie-683x1024.jpg 683w, https:\/\/www.nyczek.pl\/wp-content\/uploads\/2025\/09\/Ola-zdjecie-200x300.jpg 200w, https:\/\/www.nyczek.pl\/wp-content\/uploads\/2025\/09\/Ola-zdjecie-768x1152.jpg 768w, https:\/\/www.nyczek.pl\/wp-content\/uploads\/2025\/09\/Ola-zdjecie-1024x1536.jpg 1024w, https:\/\/www.nyczek.pl\/wp-content\/uploads\/2025\/09\/Ola-zdjecie-1365x2048.jpg 1365w, https:\/\/www.nyczek.pl\/wp-content\/uploads\/2025\/09\/Ola-zdjecie-scaled.jpg 1707w\" sizes=\"(max-width: 683px) 100vw, 683px\" \/>\t\t\t\t\t\t\t\t\t\t\t\t\t\t\t<\/div>\n\t\t\t\t<\/div>\n\t\t<div class=\"elementor-element elementor-element-6e81dcb e-con-full e-flex e-con e-child\" data-id=\"6e81dcb\" data-element_type=\"container\" data-e-type=\"container\">\n\t\t\t\t<div class=\"elementor-element elementor-element-dc47a77 elementor-widget elementor-widget-heading\" data-id=\"dc47a77\" data-element_type=\"widget\" data-e-type=\"widget\" data-widget_type=\"heading.default\">\n\t\t\t\t\t<h2 class=\"elementor-heading-title elementor-size-default\">Aleksandra Kotala \u2013 Of Counsel<\/h2>\t\t\t\t<\/div>\n\t\t\t\t<div class=\"elementor-element elementor-element-3e57c4a elementor-widget elementor-widget-text-editor\" data-id=\"3e57c4a\" data-element_type=\"widget\" data-e-type=\"widget\" data-widget_type=\"text-editor.default\">\n\t\t\t\t\t\t\t\t\t<p>A graduate of the Faculty of Law and Administration at Jagiellonian University. She specialises in copyright law and new technology law, with a particular focus on legal issues relating to artificial intelligence (AI).<\/p><p>Experienced in the practical application of law, she focuses on supporting businesses in navigating the legal challenges of today\u2019s digital economy.<\/p><p>Specialisation: Copyright Law and New Technology Law<\/p>\t\t\t\t\t\t\t\t<\/div>\n\t\t\t\t<div class=\"elementor-element elementor-element-3c6c4c3 elementor-widget elementor-widget-heading\" data-id=\"3c6c4c3\" data-element_type=\"widget\" data-e-type=\"widget\" data-widget_type=\"heading.default\">\n\t\t\t\t\t<h4 class=\"elementor-heading-title elementor-size-default\">email: a.kotala@nyczek.pl<\/h4>\t\t\t\t<\/div>\n\t\t\t\t<\/div>\n\t\t\t\t\t<\/div>\n\t\t\t\t<\/div>\n\t\t\t\t<\/div>","protected":false},"excerpt":{"rendered":"<p>ZESP\u00d3\u0141 I WSP\u00d3\u0141PRACOWNICY Bartosz Nyczek &#8211; radca prawny Absolwent Wydzia\u0142u Prawa i Administracji Uniwersytetu Jagiello\u0144skiego. Radca prawny od\u00a0 2000 roku, w ubieg\u0142ym roku obchodzi\u0142 \u0107wier\u0107wiecze dzia\u0142alno\u015bci jako radca prawny. Specjalizuje si\u0119 w prawie gospodarczym i prawie cywilnym. Zaprzyja\u017aniony zw\u0142aszcza z Kodeksem sp\u00f3\u0142ek handlowych i prawem autorskim. Skoncentrowany na obs\u0142udze przedsi\u0119biorc\u00f3w, ale skutecznie doradzaj\u0105cy w sprawach [&hellip;]<\/p>\n","protected":false},"author":1,"featured_media":0,"parent":0,"menu_order":0,"comment_status":"closed","ping_status":"closed","template":"","meta":{"site-sidebar-layout":"no-sidebar","site-content-layout":"page-builder","ast-site-content-layout":"full-width-container","site-content-style":"unboxed","site-sidebar-style":"unboxed","ast-global-header-display":"","ast-banner-title-visibility":"","ast-main-header-display":"","ast-hfb-above-header-display":"","ast-hfb-below-header-display":"","ast-hfb-mobile-header-display":"","site-post-title":"disabled","ast-breadcrumbs-content":"disabled","ast-featured-img":"disabled","footer-sml-layout":"","ast-disable-related-posts":"","theme-transparent-header-meta":"enabled","adv-header-id-meta":"","stick-header-meta":"","header-above-stick-meta":"","header-main-stick-meta":"","header-below-stick-meta":"","astra-migrate-meta-layouts":"set","ast-page-background-enabled":"default","ast-page-background-meta":{"desktop":{"background-color":"","background-image":"","background-repeat":"repeat","background-position":"center center","background-size":"auto","background-attachment":"scroll","background-type":"","background-media":"","overlay-type":"","overlay-color":"","overlay-opacity":"","overlay-gradient":""},"tablet":{"background-color":"","background-image":"","background-repeat":"repeat","background-position":"center center","background-size":"auto","background-attachment":"scroll","background-type":"","background-media":"","overlay-type":"","overlay-color":"","overlay-opacity":"","overlay-gradient":""},"mobile":{"background-color":"","background-image":"","background-repeat":"repeat","background-position":"center center","background-size":"auto","background-attachment":"scroll","background-type":"","background-media":"","overlay-type":"","overlay-color":"","overlay-opacity":"","overlay-gradient":""}},"ast-content-background-meta":{"desktop":{"background-color":"var(--ast-global-color-5)","background-image":"","background-repeat":"repeat","background-position":"center center","background-size":"auto","background-attachment":"scroll","background-type":"","background-media":"","overlay-type":"","overlay-color":"","overlay-opacity":"","overlay-gradient":""},"tablet":{"background-color":"var(--ast-global-color-5)","background-image":"","background-repeat":"repeat","background-position":"center center","background-size":"auto","background-attachment":"scroll","background-type":"","background-media":"","overlay-type":"","overlay-color":"","overlay-opacity":"","overlay-gradient":""},"mobile":{"background-color":"var(--ast-global-color-5)","background-image":"","background-repeat":"repeat","background-position":"center center","background-size":"auto","background-attachment":"scroll","background-type":"","background-media":"","overlay-type":"","overlay-color":"","overlay-opacity":"","overlay-gradient":""}},"footnotes":""},"class_list":["post-832","page","type-page","status-publish","hentry"],"yoast_head":"<!-- This site is optimized with the Yoast SEO plugin v28.2 - https:\/\/yoast.com\/product\/yoast-seo-wordpress\/ -->\n<title>ZESP\u00d3\u0141 - Kancelaria Radcy Prawnego<\/title>\n<meta name=\"description\" content=\"Poznaj Kancelari\u0119 Radcy Prawnego Bartosza Nyczka. Ponad 20 lat do\u015bwiadczenia w obs\u0142udze prawnej przedsi\u0119biorc\u00f3w, sp\u00f3\u0142ek, fundacji i os\u00f3b prywatnych.\" \/>\n<meta name=\"robots\" content=\"index, follow, max-snippet:-1, max-image-preview:large, max-video-preview:-1\" \/>\n<link rel=\"canonical\" href=\"https:\/\/www.nyczek.pl\/en\/o-nas\/\" \/>\n<meta property=\"og:locale\" content=\"en_GB\" \/>\n<meta property=\"og:type\" content=\"article\" \/>\n<meta property=\"og:title\" content=\"ZESP\u00d3\u0141 - Kancelaria Radcy Prawnego\" \/>\n<meta property=\"og:description\" content=\"Poznaj Kancelari\u0119 Radcy Prawnego Bartosza Nyczka. Ponad 20 lat do\u015bwiadczenia w obs\u0142udze prawnej przedsi\u0119biorc\u00f3w, sp\u00f3\u0142ek, fundacji i os\u00f3b prywatnych.\" \/>\n<meta property=\"og:url\" content=\"https:\/\/www.nyczek.pl\/en\/o-nas\/\" \/>\n<meta property=\"og:site_name\" content=\"Kancelaria Radcy Prawnego\" \/>\n<meta property=\"article:publisher\" content=\"https:\/\/www.facebook.com\/bartosznyczek\" \/>\n<meta property=\"article:modified_time\" content=\"2026-08-30T16:47:49+00:00\" \/>\n<meta property=\"og:image\" content=\"https:\/\/www.nyczek.pl\/wp-content\/uploads\/2025\/09\/DSC8982-scaled.jpg\" \/>\n\t<meta property=\"og:image:width\" content=\"1707\" \/>\n\t<meta property=\"og:image:height\" content=\"2560\" \/>\n\t<meta property=\"og:image:type\" content=\"image\/jpeg\" \/>\n<meta name=\"twitter:card\" content=\"summary_large_image\" \/>\n<meta name=\"twitter:label1\" content=\"Est. reading time\" \/>\n\t<meta name=\"twitter:data1\" content=\"2 minutes\" \/>\n<script type=\"application\/ld+json\" class=\"yoast-schema-graph\">{\"@context\":\"https:\\\/\\\/schema.org\",\"@graph\":[{\"@type\":\"WebPage\",\"@id\":\"https:\\\/\\\/www.nyczek.pl\\\/o-nas\\\/\",\"url\":\"https:\\\/\\\/www.nyczek.pl\\\/o-nas\\\/\",\"name\":\"ZESP\u00d3\u0141 - Kancelaria Radcy Prawnego\",\"isPartOf\":{\"@id\":\"https:\\\/\\\/www.nyczek.pl\\\/#website\"},\"primaryImageOfPage\":{\"@id\":\"https:\\\/\\\/www.nyczek.pl\\\/o-nas\\\/#primaryimage\"},\"image\":{\"@id\":\"https:\\\/\\\/www.nyczek.pl\\\/o-nas\\\/#primaryimage\"},\"thumbnailUrl\":\"https:\\\/\\\/www.nyczek.pl\\\/wp-content\\\/uploads\\\/2025\\\/09\\\/DSC8982-683x1024.jpg\",\"datePublished\":\"2025-09-14T11:34:54+00:00\",\"dateModified\":\"2026-08-30T16:47:49+00:00\",\"description\":\"Poznaj Kancelari\u0119 Radcy Prawnego Bartosza Nyczka. Ponad 20 lat do\u015bwiadczenia w obs\u0142udze prawnej przedsi\u0119biorc\u00f3w, sp\u00f3\u0142ek, fundacji i os\u00f3b prywatnych.\",\"breadcrumb\":{\"@id\":\"https:\\\/\\\/www.nyczek.pl\\\/o-nas\\\/#breadcrumb\"},\"inLanguage\":\"en-GB\",\"potentialAction\":[{\"@type\":\"ReadAction\",\"target\":[\"https:\\\/\\\/www.nyczek.pl\\\/o-nas\\\/\"]}]},{\"@type\":\"ImageObject\",\"inLanguage\":\"en-GB\",\"@id\":\"https:\\\/\\\/www.nyczek.pl\\\/o-nas\\\/#primaryimage\",\"url\":\"https:\\\/\\\/www.nyczek.pl\\\/wp-content\\\/uploads\\\/2025\\\/09\\\/DSC8982-683x1024.jpg\",\"contentUrl\":\"https:\\\/\\\/www.nyczek.pl\\\/wp-content\\\/uploads\\\/2025\\\/09\\\/DSC8982-683x1024.jpg\"},{\"@type\":\"BreadcrumbList\",\"@id\":\"https:\\\/\\\/www.nyczek.pl\\\/o-nas\\\/#breadcrumb\",\"itemListElement\":[{\"@type\":\"ListItem\",\"position\":1,\"name\":\"Home\",\"item\":\"https:\\\/\\\/www.nyczek.pl\\\/\"},{\"@type\":\"ListItem\",\"position\":2,\"name\":\"ZESP\u00d3\u0141\"}]},{\"@type\":\"WebSite\",\"@id\":\"https:\\\/\\\/www.nyczek.pl\\\/#website\",\"url\":\"https:\\\/\\\/www.nyczek.pl\\\/\",\"name\":\"Kancelaria Radcy Prawnego\",\"description\":\"Kancelaria Radcy Prawnego\",\"publisher\":{\"@id\":\"https:\\\/\\\/www.nyczek.pl\\\/#organization\"},\"potentialAction\":[{\"@type\":\"SearchAction\",\"target\":{\"@type\":\"EntryPoint\",\"urlTemplate\":\"https:\\\/\\\/www.nyczek.pl\\\/?s={search_term_string}\"},\"query-input\":{\"@type\":\"PropertyValueSpecification\",\"valueRequired\":true,\"valueName\":\"search_term_string\"}}],\"inLanguage\":\"en-GB\"},{\"@type\":\"Organization\",\"@id\":\"https:\\\/\\\/www.nyczek.pl\\\/#organization\",\"name\":\"Kancelaria Radcy Prawnego\",\"url\":\"https:\\\/\\\/www.nyczek.pl\\\/\",\"logo\":{\"@type\":\"ImageObject\",\"inLanguage\":\"en-GB\",\"@id\":\"https:\\\/\\\/www.nyczek.pl\\\/#\\\/schema\\\/logo\\\/image\\\/\",\"url\":\"https:\\\/\\\/www.nyczek.pl\\\/wp-content\\\/uploads\\\/2025\\\/10\\\/cropped-New-Bartek-Logo.png\",\"contentUrl\":\"https:\\\/\\\/www.nyczek.pl\\\/wp-content\\\/uploads\\\/2025\\\/10\\\/cropped-New-Bartek-Logo.png\",\"width\":1077,\"height\":955,\"caption\":\"Kancelaria Radcy Prawnego\"},\"image\":{\"@id\":\"https:\\\/\\\/www.nyczek.pl\\\/#\\\/schema\\\/logo\\\/image\\\/\"},\"sameAs\":[\"https:\\\/\\\/www.facebook.com\\\/bartosznyczek\"]}]}<\/script>\n<!-- \/ Yoast SEO plugin. -->","yoast_head_json":{"title":"ZESP\u00d3\u0141 - Kancelaria Radcy Prawnego","description":"Poznaj Kancelari\u0119 Radcy Prawnego Bartosza Nyczka. Ponad 20 lat do\u015bwiadczenia w obs\u0142udze prawnej przedsi\u0119biorc\u00f3w, sp\u00f3\u0142ek, fundacji i os\u00f3b prywatnych.","robots":{"index":"index","follow":"follow","max-snippet":"max-snippet:-1","max-image-preview":"max-image-preview:large","max-video-preview":"max-video-preview:-1"},"canonical":"https:\/\/www.nyczek.pl\/en\/o-nas\/","og_locale":"en_GB","og_type":"article","og_title":"ZESP\u00d3\u0141 - Kancelaria Radcy Prawnego","og_description":"Poznaj Kancelari\u0119 Radcy Prawnego Bartosza Nyczka. Ponad 20 lat do\u015bwiadczenia w obs\u0142udze prawnej przedsi\u0119biorc\u00f3w, sp\u00f3\u0142ek, fundacji i os\u00f3b prywatnych.","og_url":"https:\/\/www.nyczek.pl\/en\/o-nas\/","og_site_name":"Kancelaria Radcy Prawnego","article_publisher":"https:\/\/www.facebook.com\/bartosznyczek","article_modified_time":"2026-08-30T16:47:49+00:00","og_image":[{"width":1707,"height":2560,"url":"https:\/\/www.nyczek.pl\/wp-content\/uploads\/2025\/09\/DSC8982-scaled.jpg","type":"image\/jpeg"}],"twitter_card":"summary_large_image","twitter_misc":{"Est. reading time":"2 minutes"},"schema":{"@context":"https:\/\/schema.org","@graph":[{"@type":"WebPage","@id":"https:\/\/www.nyczek.pl\/o-nas\/","url":"https:\/\/www.nyczek.pl\/o-nas\/","name":"ZESP\u00d3\u0141 - Kancelaria Radcy Prawnego","isPartOf":{"@id":"https:\/\/www.nyczek.pl\/#website"},"primaryImageOfPage":{"@id":"https:\/\/www.nyczek.pl\/o-nas\/#primaryimage"},"image":{"@id":"https:\/\/www.nyczek.pl\/o-nas\/#primaryimage"},"thumbnailUrl":"https:\/\/www.nyczek.pl\/wp-content\/uploads\/2025\/09\/DSC8982-683x1024.jpg","datePublished":"2025-09-14T11:34:54+00:00","dateModified":"2026-08-30T16:47:49+00:00","description":"Poznaj Kancelari\u0119 Radcy Prawnego Bartosza Nyczka. Ponad 20 lat do\u015bwiadczenia w obs\u0142udze prawnej przedsi\u0119biorc\u00f3w, sp\u00f3\u0142ek, fundacji i os\u00f3b prywatnych.","breadcrumb":{"@id":"https:\/\/www.nyczek.pl\/o-nas\/#breadcrumb"},"inLanguage":"en-GB","potentialAction":[{"@type":"ReadAction","target":["https:\/\/www.nyczek.pl\/o-nas\/"]}]},{"@type":"ImageObject","inLanguage":"en-GB","@id":"https:\/\/www.nyczek.pl\/o-nas\/#primaryimage","url":"https:\/\/www.nyczek.pl\/wp-content\/uploads\/2025\/09\/DSC8982-683x1024.jpg","contentUrl":"https:\/\/www.nyczek.pl\/wp-content\/uploads\/2025\/09\/DSC8982-683x1024.jpg"},{"@type":"BreadcrumbList","@id":"https:\/\/www.nyczek.pl\/o-nas\/#breadcrumb","itemListElement":[{"@type":"ListItem","position":1,"name":"Home","item":"https:\/\/www.nyczek.pl\/"},{"@type":"ListItem","position":2,"name":"ZESP\u00d3\u0141"}]},{"@type":"WebSite","@id":"https:\/\/www.nyczek.pl\/#website","url":"https:\/\/www.nyczek.pl\/","name":"Attorney-at-Law","description":"Attorney-at-Law","publisher":{"@id":"https:\/\/www.nyczek.pl\/#organization"},"potentialAction":[{"@type":"SearchAction","target":{"@type":"EntryPoint","urlTemplate":"https:\/\/www.nyczek.pl\/?s={search_term_string}"},"query-input":{"@type":"PropertyValueSpecification","valueRequired":true,"valueName":"search_term_string"}}],"inLanguage":"en-GB"},{"@type":"Organization","@id":"https:\/\/www.nyczek.pl\/#organization","name":"Attorney-at-Law","url":"https:\/\/www.nyczek.pl\/","logo":{"@type":"ImageObject","inLanguage":"en-GB","@id":"https:\/\/www.nyczek.pl\/#\/schema\/logo\/image\/","url":"https:\/\/www.nyczek.pl\/wp-content\/uploads\/2025\/10\/cropped-New-Bartek-Logo.png","contentUrl":"https:\/\/www.nyczek.pl\/wp-content\/uploads\/2025\/10\/cropped-New-Bartek-Logo.png","width":1077,"height":955,"caption":"Kancelaria Radcy Prawnego"},"image":{"@id":"https:\/\/www.nyczek.pl\/#\/schema\/logo\/image\/"},"sameAs":["https:\/\/www.facebook.com\/bartosznyczek"]}]}},"_links":{"self":[{"href":"https:\/\/www.nyczek.pl\/en\/wp-json\/wp\/v2\/pages\/832","targetHints":{"allow":["GET"]}}],"collection":[{"href":"https:\/\/www.nyczek.pl\/en\/wp-json\/wp\/v2\/pages"}],"about":[{"href":"https:\/\/www.nyczek.pl\/en\/wp-json\/wp\/v2\/types\/page"}],"author":[{"embeddable":true,"href":"https:\/\/www.nyczek.pl\/en\/wp-json\/wp\/v2\/users\/1"}],"replies":[{"embeddable":true,"href":"https:\/\/www.nyczek.pl\/en\/wp-json\/wp\/v2\/comments?post=832"}],"version-history":[{"count":61,"href":"https:\/\/www.nyczek.pl\/en\/wp-json\/wp\/v2\/pages\/832\/revisions"}],"predecessor-version":[{"id":2223,"href":"https:\/\/www.nyczek.pl\/en\/wp-json\/wp\/v2\/pages\/832\/revisions\/2223"}],"wp:attachment":[{"href":"https:\/\/www.nyczek.pl\/en\/wp-json\/wp\/v2\/media?parent=832"}],"curies":[{"name":"wp","href":"https:\/\/api.w.org\/{rel}","templated":true}]}}